{"id":111,"date":"2024-06-13T17:21:39","date_gmt":"2024-06-13T15:21:39","guid":{"rendered":"https:\/\/fribourg-photovoltaique.ch\/presentation\/"},"modified":"2024-09-02T12:00:46","modified_gmt":"2024-09-02T10:00:46","slug":"presentation","status":"publish","type":"page","link":"https:\/\/fribourg-photovoltaique.ch\/de\/presentation\/","title":{"rendered":"Home"},"content":{"rendered":"\n<style type=\"text\/css\" data-created_by=\"avia_inline_auto\" id=\"style-css-av-av_section-dccab8298246dbd8e6e5d2732b85f987\">\n.avia-section.av-av_section-dccab8298246dbd8e6e5d2732b85f987{\nbackground-color:#f9b014;\nbackground-repeat:no-repeat;\nbackground-image:url(https:\/\/fribourg-photovoltaique.ch\/wp-content\/uploads\/2024\/06\/panneaux-back1.png), linear-gradient( to bottom left, #f9b014, #ffffff, #ffffff );\nbackground-position:0% 0%;\nbackground-attachment:scroll;\nmargin-top:-50px;\nmargin-bottom:0px;\nposition:relative;\n}\n.avia-section.av-av_section-dccab8298246dbd8e6e5d2732b85f987 .avia-divider-svg-bottom svg{\nheight:100px;\n}\n<\/style>\n<div id='av_section_1'  class='avia-section av-av_section-dccab8298246dbd8e6e5d2732b85f987 main_color avia-section-large avia-no-border-styling  avia-builder-el-0  el_before_av_section  avia-builder-el-first  avia-full-stretch avia-bg-style-scroll av-minimum-height av-minimum-height-custom av-height-custom  container_wrap fullsize'  data-section-bg-repeat='stretch' data-av_minimum_height_px='600'><div class='avia-divider-svg avia-divider-svg-tilt avia-divider-svg-bottom avia-flipped-svg avia-svg-original'><svg xmlns=\"http:\/\/www.w3.org\/2000\/svg\" viewBox=\"0 0 1000 100\" preserveAspectRatio=\"none\">\n\t<path d=\"M0,6V0h1000v100L0,6z\"\/>\n<\/svg><\/div><div class='container av-section-cont-open' style='height:600px'><main  role=\"main\" itemprop=\"mainContentOfPage\"  class='template-page content  av-content-full alpha units'><div class='post-entry post-entry-type-page post-entry-111'><div class='entry-content-wrapper clearfix'>\n<div class='flex_column_table av-av_one_half-76f8c8ce114e09f20d45e09f0ff06670 sc-av_one_half av-equal-height-column-flextable'>\n<style type=\"text\/css\" data-created_by=\"avia_inline_auto\" id=\"style-css-av-av_one_half-76f8c8ce114e09f20d45e09f0ff06670\">\n.flex_column.av-av_one_half-76f8c8ce114e09f20d45e09f0ff06670{\nwidth:49.5%;\nmargin-left:0;\n}\n#top .flex_column_table.av-equal-height-column-flextable.av-av_one_half-76f8c8ce114e09f20d45e09f0ff06670 .av-flex-placeholder{\nwidth:1%;\n}\n<\/style>\n<div  class='flex_column av-av_one_half-76f8c8ce114e09f20d45e09f0ff06670 av_one_half  avia-builder-el-1  el_before_av_one_half  avia-builder-el-first  first flex_column_table_cell av-equal-height-column av-align-middle  '     ><\/div><div class='av-flex-placeholder'><\/div>\n<style type=\"text\/css\" data-created_by=\"avia_inline_auto\" id=\"style-css-av-av_one_half-553a7f6b7c0ab45fd5b638ae26982519\">\n.flex_column.av-av_one_half-553a7f6b7c0ab45fd5b638ae26982519{\nwidth:49.5%;\nmargin-left:0;\npadding:0 0 0 0;\n}\n#top .flex_column_table.av-equal-height-column-flextable.av-av_one_half-553a7f6b7c0ab45fd5b638ae26982519 .av-flex-placeholder{\nwidth:1%;\n}\n<\/style>\n<div  class='flex_column av-av_one_half-553a7f6b7c0ab45fd5b638ae26982519 av_one_half  avia-builder-el-2  el_after_av_one_half  el_before_av_hr  flex_column_table_cell av-equal-height-column av-align-middle  '     ><p>\n<style type=\"text\/css\" data-created_by=\"avia_inline_auto\" id=\"style-css-av-lxss5pvo-b1c4fe815089f2e8f7e7ab620b4b02b0\">\n#top .av-special-heading.av-lxss5pvo-b1c4fe815089f2e8f7e7ab620b4b02b0{\nmargin:0 0 0 0;\npadding-bottom:10px;\nfont-size:50px;\n}\nbody .av-special-heading.av-lxss5pvo-b1c4fe815089f2e8f7e7ab620b4b02b0 .av-special-heading-tag .heading-char{\nfont-size:25px;\n}\n#top #wrap_all .av-special-heading.av-lxss5pvo-b1c4fe815089f2e8f7e7ab620b4b02b0 .av-special-heading-tag{\nfont-size:50px;\npadding:0 0 30px 0;\n}\n.av-special-heading.av-lxss5pvo-b1c4fe815089f2e8f7e7ab620b4b02b0 .av-subheading{\nfont-size:32px;\n}\n\n@media only screen and (min-width: 480px) and (max-width: 767px){ \n#top #wrap_all .av-special-heading.av-lxss5pvo-b1c4fe815089f2e8f7e7ab620b4b02b0 .av-special-heading-tag{\nfont-size:28px;\n}\n.av-special-heading.av-lxss5pvo-b1c4fe815089f2e8f7e7ab620b4b02b0 .av-subheading{\nfont-size:22px;\n}\n}\n\n@media only screen and (max-width: 479px){ \n#top #wrap_all .av-special-heading.av-lxss5pvo-b1c4fe815089f2e8f7e7ab620b4b02b0 .av-special-heading-tag{\nfont-size:28px;\n}\n.av-special-heading.av-lxss5pvo-b1c4fe815089f2e8f7e7ab620b4b02b0 .av-subheading{\nfont-size:22px;\n}\n}\n<\/style>\n<div  class='av-special-heading av-lxss5pvo-b1c4fe815089f2e8f7e7ab620b4b02b0 av-special-heading-h1 blockquote modern-quote  avia-builder-el-3  el_before_av_buttonrow  avia-builder-el-first  av-inherit-size'><h1 class='av-special-heading-tag'  itemprop=\"headline\"  >Die Freiburger Tage der Fotovoltaik<\/h1><div class='av-subheading av-subheading_below'><p>27. und 28. September 2024 &#8211; Eintritt frei<\/p>\n<\/div><div class=\"special-heading-border\"><div class=\"special-heading-inner-border\"><\/div><\/div><\/div><br \/>\n<div  class='avia-buttonrow-wrap av-m00wvgif-2dd28c4b182b58e4eb6608d15f220f8d avia-buttonrow-left  avia-builder-el-4  el_after_av_heading  avia-builder-el-last '>\n\n<style type=\"text\/css\" data-created_by=\"avia_inline_auto\" id=\"style-css-av-m00wvett-9822f110fbfc694ea100f13fbb79d2df\">\n#top #wrap_all .avia-button.av-m00wvett-9822f110fbfc694ea100f13fbb79d2df{\nfont-size:18px;\nbackground-color:#f9b014;\nborder-color:#f9b014;\ntransition:all 0.4s ease-in-out;\nmargin-bottom:15px;\nmargin-right:15px;\n}\n#top #wrap_all .avia-button.av-m00wvett-9822f110fbfc694ea100f13fbb79d2df:hover{\nbackground-color:black;\ncolor:white;\ntransition:all 0.4s ease-in-out;\n}\n<\/style>\n<a href='https:\/\/fribourg-photovoltaique.ch\/de\/programm\/'  class='avia-button av-m00wvett-9822f110fbfc694ea100f13fbb79d2df avia-icon_select-no avia-size-medium avia-font-color-black'  ><span class='avia_iconbox_title' >Programm<\/span><\/a>\n<\/div><\/p><\/div><\/div><!--close column table wrapper. Autoclose: 1 -->\n<style type=\"text\/css\" data-created_by=\"avia_inline_auto\" id=\"style-css-av-av_hr-3a876428eececa9d35452247ddb053af\">\n#top .hr.hr-invisible.av-av_hr-3a876428eececa9d35452247ddb053af{\nheight:50px;\n}\n<\/style>\n<div  class='hr av-av_hr-3a876428eececa9d35452247ddb053af hr-invisible  avia-builder-el-5  el_after_av_one_half  avia-builder-el-last '><span class='hr-inner '><span class=\"hr-inner-style\"><\/span><\/span><\/div>\n<\/div><\/div><\/main><!-- close content main element --><\/div><\/div><div id='av_section_2'  class='avia-section av-av_section-8c8b07bd48ce44e491c07f8736cc52f6 main_color avia-section-default avia-no-border-styling  avia-builder-el-6  el_after_av_section  el_before_av_section  avia-bg-style-scroll container_wrap fullsize'  ><div class='container av-section-cont-open' ><div class='template-page content  av-content-full alpha units'><div class='post-entry post-entry-type-page post-entry-111'><div class='entry-content-wrapper clearfix'>\n<div  class='flex_column av-av_one_fifth-db3c685d37a83d385059f6f31cd9c4a7 av_one_fifth  avia-builder-el-7  el_before_av_three_fifth  avia-builder-el-first  first flex_column_div  '     ><\/div>\n<style type=\"text\/css\" data-created_by=\"avia_inline_auto\" id=\"style-css-av-lxu1yhux-e66898d76be6bad2ced9aae2e1490ea3\">\n.flex_column.av-lxu1yhux-e66898d76be6bad2ced9aae2e1490ea3{\npadding:0 0 0 0;\n}\n.avia_transform .flex_column.av-lxu1yhux-e66898d76be6bad2ced9aae2e1490ea3{\nanimation-duration:4s;\n}\n<\/style>\n<div  class='flex_column av-lxu1yhux-e66898d76be6bad2ced9aae2e1490ea3 av_three_fifth  avia-builder-el-8  el_after_av_one_fifth  el_before_av_one_fifth  flex_column_div av-animated-generic fade-in av-zero-column-padding  '     ><section  class='av_textblock_section av-lxss67o0-a07b104f8e160ef651951e52db3ff756 '   itemscope=\"itemscope\" itemtype=\"https:\/\/schema.org\/CreativeWork\" ><div class='avia_textblock'  itemprop=\"text\" ><h2 style=\"text-align: center;\"><strong>Die Fotovoltaik ist eine erneuerbare Energie, die zu den Pfeilern der Energiewende geh\u00f6rt und \u00fcber ein grosses Entwicklungspotenzial besonders auf den Geb\u00e4uden verf\u00fcgt. <\/strong><\/h2>\n<\/div><\/section><\/div><div  class='flex_column av-av_one_fifth-40977bc09da27d5fd81d8979a05c6d09 av_one_fifth  avia-builder-el-10  el_after_av_three_fifth  avia-builder-el-last  flex_column_div  '     ><\/div>\n<\/p>\n<\/div><\/div><\/div><!-- close content main div --><\/div><\/div><div id='av_section_3'  class='avia-section av-av_section-8c8b07bd48ce44e491c07f8736cc52f6 main_color avia-section-default avia-no-border-styling  avia-builder-el-11  el_after_av_section  avia-builder-el-last  avia-bg-style-scroll container_wrap fullsize'  ><div class='container av-section-cont-open' ><div class='template-page content  av-content-full alpha units'><div class='post-entry post-entry-type-page post-entry-111'><div class='entry-content-wrapper clearfix'>\n<div class='flex_column_table av-av_one_half-cce47cff451f65a49578ec8e9e2d8ac8 sc-av_one_half av-equal-height-column-flextable'>\n<style type=\"text\/css\" data-created_by=\"avia_inline_auto\" id=\"style-css-av-av_one_half-cce47cff451f65a49578ec8e9e2d8ac8\">\n.flex_column.av-av_one_half-cce47cff451f65a49578ec8e9e2d8ac8{\npadding:10px 30px 10px 30px;\n}\n.avia_transform .flex_column.av-av_one_half-cce47cff451f65a49578ec8e9e2d8ac8{\nanimation-duration:5s;\n}\n<\/style>\n<div  class='flex_column av-av_one_half-cce47cff451f65a49578ec8e9e2d8ac8 av_one_half  avia-builder-el-12  el_before_av_one_half  avia-builder-el-first  first flex_column_table_cell av-equal-height-column av-align-middle av-animated-generic top-to-bottom  '     ><style type=\"text\/css\" data-created_by=\"avia_inline_auto\" id=\"style-css-av-lxssuoa3-64b5d403b85af62e44a00bfcab7270f3\">\n.av_promobox.av-lxssuoa3-64b5d403b85af62e44a00bfcab7270f3{\nbackground-color:#f9cc6b;\nborder-style:none;\nborder-radius:20px 20px 20px 20px;\nbox-shadow:none;\n}\n<\/style>\n<div  class='av_promobox av-lxssuoa3-64b5d403b85af62e44a00bfcab7270f3 avia-button-no  avia-builder-el-13  el_before_av_promobox  avia-builder-el-first '><div class='avia-promocontent'><h3>Sie m\u00f6chten Ihren Stromverbrauch teils durch eigenen Strom decken, Ihnen fehlen aber die n\u00f6tigen Informationen, um die richtige Wahl zu treffen?<\/h3>\n<p>\n<\/div><\/div><br \/>\n\n<style type=\"text\/css\" data-created_by=\"avia_inline_auto\" id=\"style-css-av-lxssvmgz-d5d6f4db1047c1641325f315782663c7\">\n.av_promobox.av-lxssvmgz-d5d6f4db1047c1641325f315782663c7{\ncolor:#222222;\nbackground-color:#f9cc6b;\nborder-style:none;\nborder-radius:20px 20px 20px 20px;\nbox-shadow:none;\n}\n<\/style>\n<div  class='av_promobox av-lxssvmgz-d5d6f4db1047c1641325f315782663c7 avia-button-no  avia-builder-el-14  el_after_av_promobox  el_before_av_promobox '><div class='avia-promocontent'><\/p>\n<h3>Sie m\u00f6chten die M\u00f6glichkeiten, die Sie als Eigent\u00fcmer oder Mieter haben, und die technologischen Fortschritte auf dem Gebiet kennen?<\/h3>\n<p>\n<\/div><\/div><br \/>\n\n<style type=\"text\/css\" data-created_by=\"avia_inline_auto\" id=\"style-css-av-lxst016s-c89bb7d3032b2e9248070cd993dfa7a0\">\n.av_promobox.av-lxst016s-c89bb7d3032b2e9248070cd993dfa7a0{\ncolor:#222222;\nbackground-color:#f9cc6b;\nborder-style:none;\nborder-radius:20px 20px 20px 20px;\nbox-shadow:none;\n}\n<\/style>\n<div  class='av_promobox av-lxst016s-c89bb7d3032b2e9248070cd993dfa7a0 avia-button-no  avia-builder-el-15  el_after_av_promobox  avia-builder-el-last '><div class='avia-promocontent'><\/p>\n<h3>Sie m\u00f6chten praktische Informationen erhalten und mehrere L\u00f6sungen vergleichen k\u00f6nnen?<\/h3>\n<p>\n<\/div><\/div><\/p><\/div><div class='av-flex-placeholder'><\/div><div  class='flex_column av-av_one_half-40977bc09da27d5fd81d8979a05c6d09 av_one_half  avia-builder-el-16  el_after_av_one_half  avia-builder-el-last  flex_column_table_cell av-equal-height-column av-align-middle  '     ><p><section  class='av_textblock_section av-lxssqre5-1142e32a46f1a5685013238e56018dad '   itemscope=\"itemscope\" itemtype=\"https:\/\/schema.org\/CreativeWork\" ><div class='avia_textblock'  itemprop=\"text\" ><p>Das Amt f\u00fcr Energie l\u00e4dt Sie <strong>am 27. und 28. September 2024 in die Bluefactory<\/strong> ein, um sich zu diesem Thema auszutauschen, wobei am <strong>28. September<\/strong> zahlreiche <strong>Fotovoltaikanlagen im Kanton<\/strong> besichtigt werden k\u00f6nnen.<\/p>\n<\/div><\/section><br \/>\n<section  class='av_textblock_section av-lxssu2u4-d0257e0e40f62197b4777eebd93d6ada '   itemscope=\"itemscope\" itemtype=\"https:\/\/schema.org\/CreativeWork\" ><div class='avia_textblock'  itemprop=\"text\" ><p>Das Amt f\u00fcr Energie wird Sie gemeinsam mit dem kantonalen Weiterbildungsprogramm Energie-FR und in Partnerschaft mit dem Programm EnergieSchweiz des Bundes sowie mit Swissolar mit den Akteuren auf dem Gebiet in Kontakt setzen.<\/p>\n<p>Wir haben Konferenzen, St\u00e4nde und Besichtigungen von Fotovoltaikanlagen f\u00fcr Sie vorbereitet.<\/p>\n<p>Kommen Sie vorbei, wir freuen uns auf Ihren Besuch.<\/p>\n<\/div><\/section><\/p><\/div><\/div><!--close column table wrapper. Autoclose: 1 -->\n\n","protected":false},"excerpt":{"rendered":"","protected":false},"author":1,"featured_media":0,"parent":0,"menu_order":0,"comment_status":"closed","ping_status":"closed","template":"","meta":{"footnotes":""},"class_list":["post-111","page","type-page","status-publish","hentry"],"yoast_head":"<!-- This site is optimized with the Yoast SEO plugin v23.3 - https:\/\/yoast.com\/wordpress\/plugins\/seo\/ -->\n<title>Home - Les Journe\u0301es fribourgeoises du photovoltai\u0308que \/\/ Die Freiburger Tage der Fotovoltaik<\/title>\n<meta name=\"robots\" content=\"index, follow, max-snippet:-1, max-image-preview:large, max-video-preview:-1\" \/>\n<link rel=\"canonical\" href=\"https:\/\/fribourg-photovoltaique.ch\/de\/\" \/>\n<meta property=\"og:locale\" content=\"de_DE\" \/>\n<meta property=\"og:type\" content=\"article\" \/>\n<meta property=\"og:title\" content=\"Home - Les Journe\u0301es fribourgeoises du photovoltai\u0308que \/\/ Die Freiburger Tage der Fotovoltaik\" \/>\n<meta property=\"og:url\" content=\"https:\/\/fribourg-photovoltaique.ch\/de\/\" \/>\n<meta property=\"og:site_name\" content=\"Les Journe\u0301es fribourgeoises du photovoltai\u0308que \/\/ Die Freiburger Tage der Fotovoltaik\" \/>\n<meta property=\"article:modified_time\" content=\"2024-09-02T10:00:46+00:00\" \/>\n<meta name=\"twitter:card\" content=\"summary_large_image\" \/>\n<meta name=\"twitter:label1\" content=\"Gesch\u00e4tzte Lesezeit\" \/>\n\t<meta name=\"twitter:data1\" content=\"1\u00a0Minute\" \/>\n<script type=\"application\/ld+json\" class=\"yoast-schema-graph\">{\"@context\":\"https:\/\/schema.org\",\"@graph\":[{\"@type\":\"WebPage\",\"@id\":\"https:\/\/fribourg-photovoltaique.ch\/de\/\",\"url\":\"https:\/\/fribourg-photovoltaique.ch\/de\/\",\"name\":\"Home - Les Journe\u0301es fribourgeoises du photovoltai\u0308que \/\/ Die Freiburger Tage der Fotovoltaik\",\"isPartOf\":{\"@id\":\"https:\/\/fribourg-photovoltaique.ch\/de\/#website\"},\"datePublished\":\"2024-06-13T15:21:39+00:00\",\"dateModified\":\"2024-09-02T10:00:46+00:00\",\"breadcrumb\":{\"@id\":\"https:\/\/fribourg-photovoltaique.ch\/de\/#breadcrumb\"},\"inLanguage\":\"de\",\"potentialAction\":[{\"@type\":\"ReadAction\",\"target\":[\"https:\/\/fribourg-photovoltaique.ch\/de\/\"]}]},{\"@type\":\"BreadcrumbList\",\"@id\":\"https:\/\/fribourg-photovoltaique.ch\/de\/#breadcrumb\",\"itemListElement\":[{\"@type\":\"ListItem\",\"position\":1,\"name\":\"Accueil\",\"item\":\"https:\/\/fribourg-photovoltaique.ch\/de\/home\/\"},{\"@type\":\"ListItem\",\"position\":2,\"name\":\"Home\"}]},{\"@type\":\"WebSite\",\"@id\":\"https:\/\/fribourg-photovoltaique.ch\/de\/#website\",\"url\":\"https:\/\/fribourg-photovoltaique.ch\/de\/\",\"name\":\"Les Journe\u0301es fribourgeoises du photovoltai\u0308que \/\/ Die Freiburger Tage der Fotovoltaik\",\"description\":\"\",\"publisher\":{\"@id\":\"https:\/\/fribourg-photovoltaique.ch\/de\/#organization\"},\"potentialAction\":[{\"@type\":\"SearchAction\",\"target\":{\"@type\":\"EntryPoint\",\"urlTemplate\":\"https:\/\/fribourg-photovoltaique.ch\/de\/?s={search_term_string}\"},\"query-input\":\"required name=search_term_string\"}],\"inLanguage\":\"de\"},{\"@type\":\"Organization\",\"@id\":\"https:\/\/fribourg-photovoltaique.ch\/de\/#organization\",\"name\":\"Les Journe\u0301es fribourgeoises du photovoltai\u0308que \/\/ Die Freiburger Tage der Fotovoltaik\",\"url\":\"https:\/\/fribourg-photovoltaique.ch\/de\/\",\"logo\":{\"@type\":\"ImageObject\",\"inLanguage\":\"de\",\"@id\":\"https:\/\/fribourg-photovoltaique.ch\/de\/#\/schema\/logo\/image\/\",\"url\":\"https:\/\/fribourg-photovoltaique.ch\/wp-content\/uploads\/2024\/06\/logo-jpf-2.png\",\"contentUrl\":\"https:\/\/fribourg-photovoltaique.ch\/wp-content\/uploads\/2024\/06\/logo-jpf-2.png\",\"width\":620,\"height\":200,\"caption\":\"Les Journe\u0301es fribourgeoises du photovoltai\u0308que \/\/ Die Freiburger Tage der Fotovoltaik\"},\"image\":{\"@id\":\"https:\/\/fribourg-photovoltaique.ch\/de\/#\/schema\/logo\/image\/\"}}]}<\/script>\n<!-- \/ Yoast SEO plugin. -->","yoast_head_json":{"title":"Home - Les Journe\u0301es fribourgeoises du photovoltai\u0308que \/\/ Die Freiburger Tage der Fotovoltaik","robots":{"index":"index","follow":"follow","max-snippet":"max-snippet:-1","max-image-preview":"max-image-preview:large","max-video-preview":"max-video-preview:-1"},"canonical":"https:\/\/fribourg-photovoltaique.ch\/de\/","og_locale":"de_DE","og_type":"article","og_title":"Home - Les Journe\u0301es fribourgeoises du photovoltai\u0308que \/\/ Die Freiburger Tage der Fotovoltaik","og_url":"https:\/\/fribourg-photovoltaique.ch\/de\/","og_site_name":"Les Journe\u0301es fribourgeoises du photovoltai\u0308que \/\/ Die Freiburger Tage der Fotovoltaik","article_modified_time":"2024-09-02T10:00:46+00:00","twitter_card":"summary_large_image","twitter_misc":{"Gesch\u00e4tzte Lesezeit":"1\u00a0Minute"},"schema":{"@context":"https:\/\/schema.org","@graph":[{"@type":"WebPage","@id":"https:\/\/fribourg-photovoltaique.ch\/de\/","url":"https:\/\/fribourg-photovoltaique.ch\/de\/","name":"Home - Les Journe\u0301es fribourgeoises du photovoltai\u0308que \/\/ Die Freiburger Tage der Fotovoltaik","isPartOf":{"@id":"https:\/\/fribourg-photovoltaique.ch\/de\/#website"},"datePublished":"2024-06-13T15:21:39+00:00","dateModified":"2024-09-02T10:00:46+00:00","breadcrumb":{"@id":"https:\/\/fribourg-photovoltaique.ch\/de\/#breadcrumb"},"inLanguage":"de","potentialAction":[{"@type":"ReadAction","target":["https:\/\/fribourg-photovoltaique.ch\/de\/"]}]},{"@type":"BreadcrumbList","@id":"https:\/\/fribourg-photovoltaique.ch\/de\/#breadcrumb","itemListElement":[{"@type":"ListItem","position":1,"name":"Accueil","item":"https:\/\/fribourg-photovoltaique.ch\/de\/home\/"},{"@type":"ListItem","position":2,"name":"Home"}]},{"@type":"WebSite","@id":"https:\/\/fribourg-photovoltaique.ch\/de\/#website","url":"https:\/\/fribourg-photovoltaique.ch\/de\/","name":"Les Journe\u0301es fribourgeoises du photovoltai\u0308que \/\/ Die Freiburger Tage der Fotovoltaik","description":"","publisher":{"@id":"https:\/\/fribourg-photovoltaique.ch\/de\/#organization"},"potentialAction":[{"@type":"SearchAction","target":{"@type":"EntryPoint","urlTemplate":"https:\/\/fribourg-photovoltaique.ch\/de\/?s={search_term_string}"},"query-input":"required name=search_term_string"}],"inLanguage":"de"},{"@type":"Organization","@id":"https:\/\/fribourg-photovoltaique.ch\/de\/#organization","name":"Les Journe\u0301es fribourgeoises du photovoltai\u0308que \/\/ Die Freiburger Tage der Fotovoltaik","url":"https:\/\/fribourg-photovoltaique.ch\/de\/","logo":{"@type":"ImageObject","inLanguage":"de","@id":"https:\/\/fribourg-photovoltaique.ch\/de\/#\/schema\/logo\/image\/","url":"https:\/\/fribourg-photovoltaique.ch\/wp-content\/uploads\/2024\/06\/logo-jpf-2.png","contentUrl":"https:\/\/fribourg-photovoltaique.ch\/wp-content\/uploads\/2024\/06\/logo-jpf-2.png","width":620,"height":200,"caption":"Les Journe\u0301es fribourgeoises du photovoltai\u0308que \/\/ Die Freiburger Tage der Fotovoltaik"},"image":{"@id":"https:\/\/fribourg-photovoltaique.ch\/de\/#\/schema\/logo\/image\/"}}]}},"_links":{"self":[{"href":"https:\/\/fribourg-photovoltaique.ch\/de\/wp-json\/wp\/v2\/pages\/111","targetHints":{"allow":["GET"]}}],"collection":[{"href":"https:\/\/fribourg-photovoltaique.ch\/de\/wp-json\/wp\/v2\/pages"}],"about":[{"href":"https:\/\/fribourg-photovoltaique.ch\/de\/wp-json\/wp\/v2\/types\/page"}],"author":[{"embeddable":true,"href":"https:\/\/fribourg-photovoltaique.ch\/de\/wp-json\/wp\/v2\/users\/1"}],"replies":[{"embeddable":true,"href":"https:\/\/fribourg-photovoltaique.ch\/de\/wp-json\/wp\/v2\/comments?post=111"}],"version-history":[{"count":22,"href":"https:\/\/fribourg-photovoltaique.ch\/de\/wp-json\/wp\/v2\/pages\/111\/revisions"}],"predecessor-version":[{"id":628,"href":"https:\/\/fribourg-photovoltaique.ch\/de\/wp-json\/wp\/v2\/pages\/111\/revisions\/628"}],"wp:attachment":[{"href":"https:\/\/fribourg-photovoltaique.ch\/de\/wp-json\/wp\/v2\/media?parent=111"}],"curies":[{"name":"wp","href":"https:\/\/api.w.org\/{rel}","templated":true}]}}