{"id":357,"date":"2024-07-09T14:57:14","date_gmt":"2024-07-09T12:57:14","guid":{"rendered":"https:\/\/fribourg-photovoltaique.ch\/acces\/"},"modified":"2024-09-09T14:54:36","modified_gmt":"2024-09-09T12:54:36","slug":"zugang","status":"publish","type":"page","link":"https:\/\/fribourg-photovoltaique.ch\/de\/zugang\/","title":{"rendered":"Zugang"},"content":{"rendered":"\n<style type=\"text\/css\" data-created_by=\"avia_inline_auto\" id=\"style-css-av-9m7r0-a8b8cfc88084a08c1e5461a9820db22a\">\n.avia-section.av-9m7r0-a8b8cfc88084a08c1e5461a9820db22a{\nbackground-color:#f9b014;\nbackground-image:unset;\nmargin-top:-50px;\nmargin-bottom:0px;\nposition:relative;\n}\n.avia-section.av-9m7r0-a8b8cfc88084a08c1e5461a9820db22a .avia-divider-svg-bottom svg{\nheight:100px;\n}\n<\/style>\n<div id='av_section_1'  class='avia-section av-9m7r0-a8b8cfc88084a08c1e5461a9820db22a main_color avia-section-default avia-no-border-styling  avia-builder-el-0  el_before_av_section  avia-builder-el-first  avia-bg-style-scroll container_wrap fullsize'  ><div class='avia-divider-svg avia-divider-svg-tilt avia-divider-svg-bottom avia-flipped-svg avia-svg-original'><svg xmlns=\"http:\/\/www.w3.org\/2000\/svg\" viewBox=\"0 0 1000 100\" preserveAspectRatio=\"none\">\n\t<path d=\"M0,6V0h1000v100L0,6z\"\/>\n<\/svg><\/div><div class='container av-section-cont-open' ><main  role=\"main\" itemprop=\"mainContentOfPage\"  class='template-page content  av-content-full alpha units'><div class='post-entry post-entry-type-page post-entry-357'><div class='entry-content-wrapper clearfix'>\n\n<style type=\"text\/css\" data-created_by=\"avia_inline_auto\" id=\"style-css-av-15vvw-e428c21d7108a1e6f58b1546420ba626\">\n#top .hr.hr-invisible.av-15vvw-e428c21d7108a1e6f58b1546420ba626{\nheight:50px;\n}\n<\/style>\n<div  class='hr av-15vvw-e428c21d7108a1e6f58b1546420ba626 hr-invisible  avia-builder-el-1  el_before_av_two_third  avia-builder-el-first '><span class='hr-inner '><span class=\"hr-inner-style\"><\/span><\/span><\/div>\n<div class='flex_column_table av-xji0-79bdd790920ffd647ae350c322925403 sc-av_two_third av-equal-height-column-flextable'>\n<style type=\"text\/css\" data-created_by=\"avia_inline_auto\" id=\"style-css-av-xji0-79bdd790920ffd647ae350c322925403\">\n.flex_column.av-xji0-79bdd790920ffd647ae350c322925403{\npadding:0 0 0 0;\n}\n<\/style>\n<div  class='flex_column av-xji0-79bdd790920ffd647ae350c322925403 av_two_third  avia-builder-el-2  el_after_av_hr  el_before_av_one_fourth  first flex_column_table_cell av-equal-height-column av-align-bottom av-zero-column-padding  '     ><p>\n<style type=\"text\/css\" data-created_by=\"avia_inline_auto\" id=\"style-css-av-lxiwl0yy-9094c7ee1cedb85bf670a02e2774c5fb\">\n#top .av-special-heading.av-lxiwl0yy-9094c7ee1cedb85bf670a02e2774c5fb{\nmargin:0 0 0 0;\npadding-bottom:10px;\nfont-size:40px;\n}\nbody .av-special-heading.av-lxiwl0yy-9094c7ee1cedb85bf670a02e2774c5fb .av-special-heading-tag .heading-char{\nfont-size:25px;\n}\n#top #wrap_all .av-special-heading.av-lxiwl0yy-9094c7ee1cedb85bf670a02e2774c5fb .av-special-heading-tag{\nfont-size:40px;\npadding:0 0 30px 0;\n}\n.av-special-heading.av-lxiwl0yy-9094c7ee1cedb85bf670a02e2774c5fb .av-subheading{\nfont-size:32px;\n}\n\n@media only screen and (min-width: 480px) and (max-width: 767px){ \n#top #wrap_all .av-special-heading.av-lxiwl0yy-9094c7ee1cedb85bf670a02e2774c5fb .av-special-heading-tag{\nfont-size:28px;\n}\n.av-special-heading.av-lxiwl0yy-9094c7ee1cedb85bf670a02e2774c5fb .av-subheading{\nfont-size:22px;\n}\n}\n\n@media only screen and (max-width: 479px){ \n#top #wrap_all .av-special-heading.av-lxiwl0yy-9094c7ee1cedb85bf670a02e2774c5fb .av-special-heading-tag{\nfont-size:28px;\n}\n.av-special-heading.av-lxiwl0yy-9094c7ee1cedb85bf670a02e2774c5fb .av-subheading{\nfont-size:22px;\n}\n}\n<\/style>\n<div  class='av-special-heading av-lxiwl0yy-9094c7ee1cedb85bf670a02e2774c5fb av-special-heading-h1 blockquote modern-quote  avia-builder-el-3  el_before_av_textblock  avia-builder-el-first  av-inherit-size'><h1 class='av-special-heading-tag'  itemprop=\"headline\"  >An die Freiburger Tage der Fotovoltaik kommen <\/h1><div class=\"special-heading-border\"><div class=\"special-heading-inner-border\"><\/div><\/div><\/div><br \/>\n<section  class='av_textblock_section av-lyef4km0-e3a05c5cd223a657eb8190e48e2c0d65 '   itemscope=\"itemscope\" itemtype=\"https:\/\/schema.org\/CreativeWork\" ><div class='avia_textblock'  itemprop=\"text\" ><p>Die Veranstaltung findet in der Bluefactory, Geb\u00e4ude B, und im ganzen Kanton statt. Der Eintritt ist frei. Benutzen Sie nach M\u00f6glichkeit die sanfte Mobilit\u00e4t und die \u00f6ffentlichen Verkehrsmittel f\u00fcr die Anfahrt.<\/p>\n<\/div><\/section><\/p><\/div><div class='av-flex-placeholder'><\/div><div  class='flex_column av-a9jfx-84f5801048ad8e5de53084bddafcbc40 av_one_fourth  avia-builder-el-5  el_after_av_two_third  el_before_av_hr  flex_column_table_cell av-equal-height-column av-align-bottom  '     ><\/div><\/div><!--close column table wrapper. Autoclose: 1 -->\n<style type=\"text\/css\" data-created_by=\"avia_inline_auto\" id=\"style-css-av-8papw-4d267a8f5904261fd231c8c664d685d1\">\n#top .hr.hr-invisible.av-8papw-4d267a8f5904261fd231c8c664d685d1{\nheight:50px;\n}\n<\/style>\n<div  class='hr av-8papw-4d267a8f5904261fd231c8c664d685d1 hr-invisible  avia-builder-el-6  el_after_av_one_fourth  avia-builder-el-last '><span class='hr-inner '><span class=\"hr-inner-style\"><\/span><\/span><\/div>\n\n<\/div><\/div><\/main><!-- close content main element --><\/div><\/div><div id='av_section_2'  class='avia-section av-7u648-1e5d2dc4ec7bcdc319167a4474e794b4 main_color avia-section-small avia-no-border-styling  avia-builder-el-7  el_after_av_section  el_before_av_section  avia-bg-style-scroll container_wrap fullsize'  ><div class='container av-section-cont-open' ><div class='template-page content  av-content-full alpha units'><div class='post-entry post-entry-type-page post-entry-357'><div class='entry-content-wrapper clearfix'>\n\n<style type=\"text\/css\" data-created_by=\"avia_inline_auto\" id=\"style-css-av-1hado-65eacaacc7edcda0e828a019fd40e8f2\">\n.flex_column.av-1hado-65eacaacc7edcda0e828a019fd40e8f2{\npadding:30px 30px 30px 30px;\n}\n<\/style>\n<div  class='flex_column av-1hado-65eacaacc7edcda0e828a019fd40e8f2 av_one_half  avia-builder-el-8  el_before_av_one_half  avia-builder-el-first  first flex_column_div  '     ><p><section  class='av_textblock_section av-lyefpy30-356ec1735ce2f96b96ed4ce1656a1226 '   itemscope=\"itemscope\" itemtype=\"https:\/\/schema.org\/CreativeWork\" ><div class='avia_textblock'  itemprop=\"text\" ><p><img loading=\"lazy\" decoding=\"async\" class=\"alignnone wp-image-150\" src=\"https:\/\/fribourg-photovoltaique.ch\/wp-content\/uploads\/2024\/06\/BF_Logo_RVB-2-1.png\" alt=\"\" width=\"280\" height=\"69\" srcset=\"https:\/\/fribourg-photovoltaique.ch\/wp-content\/uploads\/2024\/06\/BF_Logo_RVB-2-1.png 442w, https:\/\/fribourg-photovoltaique.ch\/wp-content\/uploads\/2024\/06\/BF_Logo_RVB-2-1-300x74.png 300w\" sizes=\"auto, (max-width: 280px) 100vw, 280px\" \/><\/p>\n<\/div><\/section><br \/>\n\n<style type=\"text\/css\" data-created_by=\"avia_inline_auto\" id=\"style-css-av-8qub1-f29f907962d7fcadfe6028af5565eb46\">\n#top .av-special-heading.av-8qub1-f29f907962d7fcadfe6028af5565eb46{\nmargin:0 0 0 0;\npadding-bottom:10px;\n}\nbody .av-special-heading.av-8qub1-f29f907962d7fcadfe6028af5565eb46 .av-special-heading-tag .heading-char{\nfont-size:25px;\n}\n#top #wrap_all .av-special-heading.av-8qub1-f29f907962d7fcadfe6028af5565eb46 .av-special-heading-tag{\npadding:0 0 30px 0;\n}\n.av-special-heading.av-8qub1-f29f907962d7fcadfe6028af5565eb46 .av-subheading{\nfont-size:15px;\n}\n<\/style>\n<div  class='av-special-heading av-8qub1-f29f907962d7fcadfe6028af5565eb46 av-special-heading-h2 blockquote modern-quote  avia-builder-el-10  el_after_av_textblock  el_before_av_textblock '><div class='av-subheading av-subheading_above'><p>27. September, von 14 bis 17 Uhr<\/p>\n<\/div><h2 class='av-special-heading-tag'  itemprop=\"headline\"  >Bluefactory, Geb\u00e4ude B<\/h2><div class=\"special-heading-border\"><div class=\"special-heading-inner-border\"><\/div><\/div><\/div><br \/>\n<section  class='av_textblock_section av-3agg-7c17b18462846f7a235c595988c79ff3 '   itemscope=\"itemscope\" itemtype=\"https:\/\/schema.org\/CreativeWork\" ><div class='avia_textblock'  itemprop=\"text\" ><p>Passage du Cardinal 5<br \/>\n1700 Freiburg<br \/>\nSchweiz<\/p>\n<\/div><\/section><br \/>\n<div  class='hr av-lyefnppm-7e4bb44d35e8c0b8b1dc98e222d641af hr-default  avia-builder-el-12  el_after_av_textblock  el_before_av_heading '><span class='hr-inner '><span class=\"hr-inner-style\"><\/span><\/span><\/div><br \/>\n\n<style type=\"text\/css\" data-created_by=\"avia_inline_auto\" id=\"style-css-av-m00rcrfz-e43fed7f5ba3d46eacce209390139e3f\">\n#top .av-special-heading.av-m00rcrfz-e43fed7f5ba3d46eacce209390139e3f{\nmargin:0 0 0 0;\npadding-bottom:10px;\n}\nbody .av-special-heading.av-m00rcrfz-e43fed7f5ba3d46eacce209390139e3f .av-special-heading-tag .heading-char{\nfont-size:25px;\n}\n#top #wrap_all .av-special-heading.av-m00rcrfz-e43fed7f5ba3d46eacce209390139e3f .av-special-heading-tag{\npadding:0 0 30px 0;\n}\n.av-special-heading.av-m00rcrfz-e43fed7f5ba3d46eacce209390139e3f .av-subheading{\nfont-size:15px;\n}\n<\/style>\n<div  class='av-special-heading av-m00rcrfz-e43fed7f5ba3d46eacce209390139e3f av-special-heading-h2 blockquote modern-quote  avia-builder-el-13  el_after_av_hr  el_before_av_textblock '><div class='av-subheading av-subheading_above'><p>28. September, von 10 bis 16 Uhr<\/p>\n<\/div><h2 class='av-special-heading-tag'  itemprop=\"headline\"  >Bluefactory, Geb\u00e4ude B<\/h2><div class=\"special-heading-border\"><div class=\"special-heading-inner-border\"><\/div><\/div><\/div><br \/>\n<section  class='av_textblock_section av-m0uznwol-593a7f0f8361804704587fc7721f00c8 '   itemscope=\"itemscope\" itemtype=\"https:\/\/schema.org\/CreativeWork\" ><div class='avia_textblock'  itemprop=\"text\" ><p>Passage du Cardinal 5<br \/>\n1700 Freiburg<br \/>\nSchweiz<\/p>\n<\/div><\/section><br \/>\n<div  class='hr av-8fkfx-fe4d4270a7a5ac333cecf5c35292c9c0 hr-default  avia-builder-el-15  el_after_av_textblock  el_before_av_buttonrow '><span class='hr-inner '><span class=\"hr-inner-style\"><\/span><\/span><\/div><br \/>\n<div  class='avia-buttonrow-wrap av-lyefg3u0-bae653a8dd9fb636148879cf75c99249 avia-buttonrow-left  avia-builder-el-16  el_after_av_hr  avia-builder-el-last '>\n\n<style type=\"text\/css\" data-created_by=\"avia_inline_auto\" id=\"style-css-av-lcnhx-77d30e67f97d21af5c6b8d8bc6688568\">\n#top #wrap_all .avia-button.av-lcnhx-77d30e67f97d21af5c6b8d8bc6688568{\nfont-size:18px;\nbackground-color:#f9b014;\nborder-color:#f9b014;\ntransition:all 0.4s ease-in-out;\nmargin-bottom:15px;\nmargin-right:15px;\n}\n#top #wrap_all .avia-button.av-lcnhx-77d30e67f97d21af5c6b8d8bc6688568:hover{\nbackground-color:black;\ncolor:white;\ntransition:all 0.4s ease-in-out;\n}\n<\/style>\n<a href='https:\/\/www.google.com\/maps\/place\/Bluefactory+Fribourg-Freiburg+SA\/@46.7980359,7.1452834,17z\/data=!3m1!4b1!4m5!3m4!1s0x478e692ac061d6c1:0x739a09fb999f5d9a!8m2!3d46.7980359!4d7.1474774' class='avia-button av-lcnhx-77d30e67f97d21af5c6b8d8bc6688568 avia-icon_select-no avia-size-medium avia-font-color-black' target=\"_blank\" rel=\"noopener noreferrer\"><span class='avia_iconbox_title' >Google Maps<\/span><\/a>\n\n<style type=\"text\/css\" data-created_by=\"avia_inline_auto\" id=\"style-css-av-f02bx-c96605085a7afba338756336041eefdd\">\n#top #wrap_all .avia-button.av-f02bx-c96605085a7afba338756336041eefdd{\nfont-size:18px;\nbackground-color:#f9b014;\nborder-color:#f9b014;\ntransition:all 0.4s ease-in-out;\nmargin-bottom:15px;\nmargin-right:15px;\n}\n#top #wrap_all .avia-button.av-f02bx-c96605085a7afba338756336041eefdd:hover{\nbackground-color:black;\ncolor:white;\ntransition:all 0.4s ease-in-out;\n}\n<\/style>\n<a href='https:\/\/company-235157.frontify.com\/d\/7mqn5aetKZ8Z\/guidelines?#\/basics\/maps\/site-maps' class='avia-button av-f02bx-c96605085a7afba338756336041eefdd avia-icon_select-no avia-size-medium avia-font-color-black' target=\"_blank\" rel=\"noopener noreferrer\"><span class='avia_iconbox_title' >Standortplan<\/span><\/a>\n\n<style type=\"text\/css\" data-created_by=\"avia_inline_auto\" id=\"style-css-av-f02bx-4cc9a052be6b6e74b292b0a301072869\">\n#top #wrap_all .avia-button.av-f02bx-4cc9a052be6b6e74b292b0a301072869{\nfont-size:18px;\nbackground-color:#f9b014;\nborder-color:#f9b014;\ntransition:all 0.4s ease-in-out;\nmargin-bottom:15px;\nmargin-right:15px;\n}\n#top #wrap_all .avia-button.av-f02bx-4cc9a052be6b6e74b292b0a301072869:hover{\nbackground-color:black;\ncolor:white;\ntransition:all 0.4s ease-in-out;\n}\n<\/style>\n<a href='https:\/\/fribourg-photovoltaique.ch\/de\/programm\/'  class='avia-button av-f02bx-4cc9a052be6b6e74b292b0a301072869 avia-icon_select-no avia-size-medium avia-font-color-black'  ><span class='avia_iconbox_title' >Programm<\/span><\/a>\n<\/div><\/p><\/div>\n<style type=\"text\/css\" data-created_by=\"avia_inline_auto\" id=\"style-css-av-sq5h-cd41ffef8964a5f3bae39ed32b64f813\">\n.flex_column.av-sq5h-cd41ffef8964a5f3bae39ed32b64f813{\npadding:30px 30px 30px 30px;\n}\n<\/style>\n<div  class='flex_column av-sq5h-cd41ffef8964a5f3bae39ed32b64f813 av_one_half  avia-builder-el-17  el_after_av_one_half  avia-builder-el-last  flex_column_div  '     ><style type=\"text\/css\" data-created_by=\"avia_inline_auto\" id=\"style-css-av-lyefmj8y-22b0dcaf8a7dc262a8eac92210b9fe4e\">\n.avia-image-container.av-lyefmj8y-22b0dcaf8a7dc262a8eac92210b9fe4e img.avia_image{\nbox-shadow:none;\n}\n.avia-image-container.av-lyefmj8y-22b0dcaf8a7dc262a8eac92210b9fe4e .av-image-caption-overlay-center{\ncolor:#ffffff;\n}\n<\/style>\n<div  class='avia-image-container av-lyefmj8y-22b0dcaf8a7dc262a8eac92210b9fe4e av-styling- av-img-linked avia-align-center  avia-builder-el-18  avia-builder-el-no-sibling '   itemprop=\"image\" itemscope=\"itemscope\" itemtype=\"https:\/\/schema.org\/ImageObject\" ><div class=\"avia-image-container-inner\"><div class=\"avia-image-overlay-wrap\"><a href=\"https:\/\/fribourg-photovoltaique.ch\/wp-content\/uploads\/2024\/07\/plan_transport_FR_arret_bluefactory-760x1030.jpg\" data-srcset=\"https:\/\/fribourg-photovoltaique.ch\/wp-content\/uploads\/2024\/07\/plan_transport_FR_arret_bluefactory-760x1030.jpg 760w, https:\/\/fribourg-photovoltaique.ch\/wp-content\/uploads\/2024\/07\/plan_transport_FR_arret_bluefactory-221x300.jpg 221w, https:\/\/fribourg-photovoltaique.ch\/wp-content\/uploads\/2024\/07\/plan_transport_FR_arret_bluefactory-768x1041.jpg 768w, https:\/\/fribourg-photovoltaique.ch\/wp-content\/uploads\/2024\/07\/plan_transport_FR_arret_bluefactory-1134x1536.jpg 1134w, https:\/\/fribourg-photovoltaique.ch\/wp-content\/uploads\/2024\/07\/plan_transport_FR_arret_bluefactory-1511x2048.jpg 1511w, https:\/\/fribourg-photovoltaique.ch\/wp-content\/uploads\/2024\/07\/plan_transport_FR_arret_bluefactory-1107x1500.jpg 1107w, https:\/\/fribourg-photovoltaique.ch\/wp-content\/uploads\/2024\/07\/plan_transport_FR_arret_bluefactory-520x705.jpg 520w, https:\/\/fribourg-photovoltaique.ch\/wp-content\/uploads\/2024\/07\/plan_transport_FR_arret_bluefactory.jpg 1600w\" data-sizes=\"(max-width: 760px) 100vw, 760px\" class='avia_image '  aria-label='plan_transport_FR_arret_bluefactory'><img decoding=\"async\" fetchpriority=\"high\" class='wp-image-283 avia-img-lazy-loading-not-283 avia_image ' src=\"https:\/\/fribourg-photovoltaique.ch\/wp-content\/uploads\/2024\/07\/plan_transport_FR_arret_bluefactory.jpg\" alt='' title='plan_transport_FR_arret_bluefactory'  height=\"2168\" width=\"1600\"  itemprop=\"thumbnailUrl\" srcset=\"https:\/\/fribourg-photovoltaique.ch\/wp-content\/uploads\/2024\/07\/plan_transport_FR_arret_bluefactory.jpg 1600w, https:\/\/fribourg-photovoltaique.ch\/wp-content\/uploads\/2024\/07\/plan_transport_FR_arret_bluefactory-221x300.jpg 221w, https:\/\/fribourg-photovoltaique.ch\/wp-content\/uploads\/2024\/07\/plan_transport_FR_arret_bluefactory-760x1030.jpg 760w, https:\/\/fribourg-photovoltaique.ch\/wp-content\/uploads\/2024\/07\/plan_transport_FR_arret_bluefactory-768x1041.jpg 768w, https:\/\/fribourg-photovoltaique.ch\/wp-content\/uploads\/2024\/07\/plan_transport_FR_arret_bluefactory-1134x1536.jpg 1134w, https:\/\/fribourg-photovoltaique.ch\/wp-content\/uploads\/2024\/07\/plan_transport_FR_arret_bluefactory-1511x2048.jpg 1511w, https:\/\/fribourg-photovoltaique.ch\/wp-content\/uploads\/2024\/07\/plan_transport_FR_arret_bluefactory-1107x1500.jpg 1107w, https:\/\/fribourg-photovoltaique.ch\/wp-content\/uploads\/2024\/07\/plan_transport_FR_arret_bluefactory-520x705.jpg 520w\" sizes=\"(max-width: 1600px) 100vw, 1600px\" \/><\/a><\/div><\/div><\/div><\/div><\/div><\/div><\/div><!-- close content main div --><\/div><\/div><div id='av_section_3'  class='avia-section av-56sbk-b2fdbaf84286a3f1fa230fafe6dcd2da main_color avia-section-default avia-no-border-styling  avia-builder-el-19  el_after_av_section  avia-builder-el-last  avia-bg-style-scroll container_wrap fullsize'  ><div class='container av-section-cont-open' ><div class='template-page content  av-content-full alpha units'><div class='post-entry post-entry-type-page post-entry-357'><div class='entry-content-wrapper clearfix'><\/p>\n","protected":false},"excerpt":{"rendered":"","protected":false},"author":1,"featured_media":0,"parent":0,"menu_order":0,"comment_status":"closed","ping_status":"closed","template":"","meta":{"footnotes":""},"class_list":["post-357","page","type-page","status-publish","hentry"],"yoast_head":"<!-- This site is optimized with the Yoast SEO plugin v23.3 - https:\/\/yoast.com\/wordpress\/plugins\/seo\/ -->\n<title>Zugang - Les Journe\u0301es fribourgeoises du photovoltai\u0308que \/\/ Die Freiburger Tage der Fotovoltaik<\/title>\n<meta name=\"robots\" content=\"index, follow, max-snippet:-1, max-image-preview:large, max-video-preview:-1\" \/>\n<link rel=\"canonical\" href=\"https:\/\/fribourg-photovoltaique.ch\/de\/zugang\/\" \/>\n<meta property=\"og:locale\" content=\"de_DE\" \/>\n<meta property=\"og:type\" content=\"article\" \/>\n<meta property=\"og:title\" content=\"Zugang - Les Journe\u0301es fribourgeoises du photovoltai\u0308que \/\/ Die Freiburger Tage der Fotovoltaik\" \/>\n<meta property=\"og:url\" content=\"https:\/\/fribourg-photovoltaique.ch\/de\/zugang\/\" \/>\n<meta property=\"og:site_name\" content=\"Les Journe\u0301es fribourgeoises du photovoltai\u0308que \/\/ Die Freiburger Tage der Fotovoltaik\" \/>\n<meta property=\"article:modified_time\" content=\"2024-09-09T12:54:36+00:00\" \/>\n<meta property=\"og:image\" content=\"https:\/\/fribourg-photovoltaique.ch\/wp-content\/uploads\/2024\/06\/BF_Logo_RVB-2-1.png\" \/>\n<meta name=\"twitter:card\" content=\"summary_large_image\" \/>\n<meta name=\"twitter:label1\" content=\"Gesch\u00e4tzte Lesezeit\" \/>\n\t<meta name=\"twitter:data1\" content=\"1\u00a0Minute\" \/>\n<script type=\"application\/ld+json\" class=\"yoast-schema-graph\">{\"@context\":\"https:\/\/schema.org\",\"@graph\":[{\"@type\":\"WebPage\",\"@id\":\"https:\/\/fribourg-photovoltaique.ch\/de\/zugang\/\",\"url\":\"https:\/\/fribourg-photovoltaique.ch\/de\/zugang\/\",\"name\":\"Zugang - Les Journe\u0301es fribourgeoises du photovoltai\u0308que \/\/ Die Freiburger Tage der Fotovoltaik\",\"isPartOf\":{\"@id\":\"https:\/\/fribourg-photovoltaique.ch\/de\/#website\"},\"primaryImageOfPage\":{\"@id\":\"https:\/\/fribourg-photovoltaique.ch\/de\/zugang\/#primaryimage\"},\"image\":{\"@id\":\"https:\/\/fribourg-photovoltaique.ch\/de\/zugang\/#primaryimage\"},\"thumbnailUrl\":\"https:\/\/fribourg-photovoltaique.ch\/wp-content\/uploads\/2024\/06\/BF_Logo_RVB-2-1.png\",\"datePublished\":\"2024-07-09T12:57:14+00:00\",\"dateModified\":\"2024-09-09T12:54:36+00:00\",\"breadcrumb\":{\"@id\":\"https:\/\/fribourg-photovoltaique.ch\/de\/zugang\/#breadcrumb\"},\"inLanguage\":\"de\",\"potentialAction\":[{\"@type\":\"ReadAction\",\"target\":[\"https:\/\/fribourg-photovoltaique.ch\/de\/zugang\/\"]}]},{\"@type\":\"ImageObject\",\"inLanguage\":\"de\",\"@id\":\"https:\/\/fribourg-photovoltaique.ch\/de\/zugang\/#primaryimage\",\"url\":\"https:\/\/fribourg-photovoltaique.ch\/wp-content\/uploads\/2024\/06\/BF_Logo_RVB-2-1.png\",\"contentUrl\":\"https:\/\/fribourg-photovoltaique.ch\/wp-content\/uploads\/2024\/06\/BF_Logo_RVB-2-1.png\"},{\"@type\":\"BreadcrumbList\",\"@id\":\"https:\/\/fribourg-photovoltaique.ch\/de\/zugang\/#breadcrumb\",\"itemListElement\":[{\"@type\":\"ListItem\",\"position\":1,\"name\":\"Accueil\",\"item\":\"https:\/\/fribourg-photovoltaique.ch\/de\/home\/\"},{\"@type\":\"ListItem\",\"position\":2,\"name\":\"Zugang\"}]},{\"@type\":\"WebSite\",\"@id\":\"https:\/\/fribourg-photovoltaique.ch\/de\/#website\",\"url\":\"https:\/\/fribourg-photovoltaique.ch\/de\/\",\"name\":\"Les Journe\u0301es fribourgeoises du photovoltai\u0308que \/\/ Die Freiburger Tage der Fotovoltaik\",\"description\":\"\",\"publisher\":{\"@id\":\"https:\/\/fribourg-photovoltaique.ch\/de\/#organization\"},\"potentialAction\":[{\"@type\":\"SearchAction\",\"target\":{\"@type\":\"EntryPoint\",\"urlTemplate\":\"https:\/\/fribourg-photovoltaique.ch\/de\/?s={search_term_string}\"},\"query-input\":\"required name=search_term_string\"}],\"inLanguage\":\"de\"},{\"@type\":\"Organization\",\"@id\":\"https:\/\/fribourg-photovoltaique.ch\/de\/#organization\",\"name\":\"Les Journe\u0301es fribourgeoises du photovoltai\u0308que \/\/ Die Freiburger Tage der Fotovoltaik\",\"url\":\"https:\/\/fribourg-photovoltaique.ch\/de\/\",\"logo\":{\"@type\":\"ImageObject\",\"inLanguage\":\"de\",\"@id\":\"https:\/\/fribourg-photovoltaique.ch\/de\/#\/schema\/logo\/image\/\",\"url\":\"https:\/\/fribourg-photovoltaique.ch\/wp-content\/uploads\/2024\/06\/logo-jpf-2.png\",\"contentUrl\":\"https:\/\/fribourg-photovoltaique.ch\/wp-content\/uploads\/2024\/06\/logo-jpf-2.png\",\"width\":620,\"height\":200,\"caption\":\"Les Journe\u0301es fribourgeoises du photovoltai\u0308que \/\/ Die Freiburger Tage der Fotovoltaik\"},\"image\":{\"@id\":\"https:\/\/fribourg-photovoltaique.ch\/de\/#\/schema\/logo\/image\/\"}}]}<\/script>\n<!-- \/ Yoast SEO plugin. -->","yoast_head_json":{"title":"Zugang - Les Journe\u0301es fribourgeoises du photovoltai\u0308que \/\/ Die Freiburger Tage der Fotovoltaik","robots":{"index":"index","follow":"follow","max-snippet":"max-snippet:-1","max-image-preview":"max-image-preview:large","max-video-preview":"max-video-preview:-1"},"canonical":"https:\/\/fribourg-photovoltaique.ch\/de\/zugang\/","og_locale":"de_DE","og_type":"article","og_title":"Zugang - Les Journe\u0301es fribourgeoises du photovoltai\u0308que \/\/ Die Freiburger Tage der Fotovoltaik","og_url":"https:\/\/fribourg-photovoltaique.ch\/de\/zugang\/","og_site_name":"Les Journe\u0301es fribourgeoises du photovoltai\u0308que \/\/ Die Freiburger Tage der Fotovoltaik","article_modified_time":"2024-09-09T12:54:36+00:00","og_image":[{"url":"https:\/\/fribourg-photovoltaique.ch\/wp-content\/uploads\/2024\/06\/BF_Logo_RVB-2-1.png"}],"twitter_card":"summary_large_image","twitter_misc":{"Gesch\u00e4tzte Lesezeit":"1\u00a0Minute"},"schema":{"@context":"https:\/\/schema.org","@graph":[{"@type":"WebPage","@id":"https:\/\/fribourg-photovoltaique.ch\/de\/zugang\/","url":"https:\/\/fribourg-photovoltaique.ch\/de\/zugang\/","name":"Zugang - Les Journe\u0301es fribourgeoises du photovoltai\u0308que \/\/ Die Freiburger Tage der Fotovoltaik","isPartOf":{"@id":"https:\/\/fribourg-photovoltaique.ch\/de\/#website"},"primaryImageOfPage":{"@id":"https:\/\/fribourg-photovoltaique.ch\/de\/zugang\/#primaryimage"},"image":{"@id":"https:\/\/fribourg-photovoltaique.ch\/de\/zugang\/#primaryimage"},"thumbnailUrl":"https:\/\/fribourg-photovoltaique.ch\/wp-content\/uploads\/2024\/06\/BF_Logo_RVB-2-1.png","datePublished":"2024-07-09T12:57:14+00:00","dateModified":"2024-09-09T12:54:36+00:00","breadcrumb":{"@id":"https:\/\/fribourg-photovoltaique.ch\/de\/zugang\/#breadcrumb"},"inLanguage":"de","potentialAction":[{"@type":"ReadAction","target":["https:\/\/fribourg-photovoltaique.ch\/de\/zugang\/"]}]},{"@type":"ImageObject","inLanguage":"de","@id":"https:\/\/fribourg-photovoltaique.ch\/de\/zugang\/#primaryimage","url":"https:\/\/fribourg-photovoltaique.ch\/wp-content\/uploads\/2024\/06\/BF_Logo_RVB-2-1.png","contentUrl":"https:\/\/fribourg-photovoltaique.ch\/wp-content\/uploads\/2024\/06\/BF_Logo_RVB-2-1.png"},{"@type":"BreadcrumbList","@id":"https:\/\/fribourg-photovoltaique.ch\/de\/zugang\/#breadcrumb","itemListElement":[{"@type":"ListItem","position":1,"name":"Accueil","item":"https:\/\/fribourg-photovoltaique.ch\/de\/home\/"},{"@type":"ListItem","position":2,"name":"Zugang"}]},{"@type":"WebSite","@id":"https:\/\/fribourg-photovoltaique.ch\/de\/#website","url":"https:\/\/fribourg-photovoltaique.ch\/de\/","name":"Les Journe\u0301es fribourgeoises du photovoltai\u0308que \/\/ Die Freiburger Tage der Fotovoltaik","description":"","publisher":{"@id":"https:\/\/fribourg-photovoltaique.ch\/de\/#organization"},"potentialAction":[{"@type":"SearchAction","target":{"@type":"EntryPoint","urlTemplate":"https:\/\/fribourg-photovoltaique.ch\/de\/?s={search_term_string}"},"query-input":"required name=search_term_string"}],"inLanguage":"de"},{"@type":"Organization","@id":"https:\/\/fribourg-photovoltaique.ch\/de\/#organization","name":"Les Journe\u0301es fribourgeoises du photovoltai\u0308que \/\/ Die Freiburger Tage der Fotovoltaik","url":"https:\/\/fribourg-photovoltaique.ch\/de\/","logo":{"@type":"ImageObject","inLanguage":"de","@id":"https:\/\/fribourg-photovoltaique.ch\/de\/#\/schema\/logo\/image\/","url":"https:\/\/fribourg-photovoltaique.ch\/wp-content\/uploads\/2024\/06\/logo-jpf-2.png","contentUrl":"https:\/\/fribourg-photovoltaique.ch\/wp-content\/uploads\/2024\/06\/logo-jpf-2.png","width":620,"height":200,"caption":"Les Journe\u0301es fribourgeoises du photovoltai\u0308que \/\/ Die Freiburger Tage der Fotovoltaik"},"image":{"@id":"https:\/\/fribourg-photovoltaique.ch\/de\/#\/schema\/logo\/image\/"}}]}},"_links":{"self":[{"href":"https:\/\/fribourg-photovoltaique.ch\/de\/wp-json\/wp\/v2\/pages\/357","targetHints":{"allow":["GET"]}}],"collection":[{"href":"https:\/\/fribourg-photovoltaique.ch\/de\/wp-json\/wp\/v2\/pages"}],"about":[{"href":"https:\/\/fribourg-photovoltaique.ch\/de\/wp-json\/wp\/v2\/types\/page"}],"author":[{"embeddable":true,"href":"https:\/\/fribourg-photovoltaique.ch\/de\/wp-json\/wp\/v2\/users\/1"}],"replies":[{"embeddable":true,"href":"https:\/\/fribourg-photovoltaique.ch\/de\/wp-json\/wp\/v2\/comments?post=357"}],"version-history":[{"count":8,"href":"https:\/\/fribourg-photovoltaique.ch\/de\/wp-json\/wp\/v2\/pages\/357\/revisions"}],"predecessor-version":[{"id":656,"href":"https:\/\/fribourg-photovoltaique.ch\/de\/wp-json\/wp\/v2\/pages\/357\/revisions\/656"}],"wp:attachment":[{"href":"https:\/\/fribourg-photovoltaique.ch\/de\/wp-json\/wp\/v2\/media?parent=357"}],"curies":[{"name":"wp","href":"https:\/\/api.w.org\/{rel}","templated":true}]}}